{"id":2905,"date":"2025-07-09T11:15:55","date_gmt":"2025-07-09T09:15:55","guid":{"rendered":"https:\/\/yomas-electrodomesticos.com\/?post_type=product&#038;p=2905"},"modified":"2025-07-09T11:16:14","modified_gmt":"2025-07-09T09:16:14","slug":"estufa-de-pellet-mod-first-6-kw-blanco","status":"publish","type":"product","link":"https:\/\/yomas-electrodomesticos.com\/index.php\/producto\/estufa-de-pellet-mod-first-6-kw-blanco\/","title":{"rendered":"Estufa de pellet Mod. FIRST 6 Kw. Blanco"},"content":{"rendered":"<h2>Estufa de pellet Red Pod FIRST 6 Kw. Blanco<\/h2>\n<table>\n<tbody>\n<tr>\n<td width=\"1514\"><strong>Datos t\u00e9cnicos<\/strong><\/td>\n<\/tr>\n<tr>\n<td width=\"1514\"><strong>NORMA: EN 14785 RELAT\u00d3RIO: CEE-0008\/18-5<\/strong><\/td>\n<\/tr>\n<\/tbody>\n<\/table>\n<table>\n<tbody>\n<tr>\n<td width=\"941\"><\/td>\n<td width=\"194\"><\/td>\n<td width=\"378\"><\/td>\n<\/tr>\n<tr>\n<td width=\"941\">Potencia red-nom<\/td>\n<td width=\"194\"><strong>3,2 \u2013 6,1<\/strong><\/td>\n<td width=\"378\"><strong>(kW)<\/strong><\/td>\n<\/tr>\n<tr>\n<td width=\"941\">Rendimiento Pot.red-Pot.nom<\/td>\n<td width=\"194\"><strong>95 \u2013 92<\/strong><\/td>\n<td width=\"378\"><strong>(%)<\/strong><\/td>\n<\/tr>\n<tr>\n<td width=\"941\">Potencia agua<\/td>\n<td width=\"194\"><strong>n\/a<\/strong><\/td>\n<td width=\"378\"><strong>(kW)<\/strong><\/td>\n<\/tr>\n<tr>\n<td width=\"941\">Temp. Humos min.-m\u00e1x.<\/td>\n<td width=\"194\"><strong>66 \u2013 123<\/strong><\/td>\n<td width=\"378\"><strong>(\u00baC)<\/strong><\/td>\n<\/tr>\n<tr>\n<td width=\"941\">Emisiones CO(13%O2) min.-m\u00e1x.<\/td>\n<td width=\"194\"><strong>0,04 \u2013 0,01<\/strong><\/td>\n<td width=\"378\"><strong>(%)<\/strong><\/td>\n<\/tr>\n<tr>\n<td width=\"941\"><strong>CO2 min.-m\u00e1x.<\/strong><\/td>\n<td width=\"194\"><strong>7,8 \u2013 8,9<\/strong><\/td>\n<td width=\"378\"><strong>(%)<\/strong><\/td>\n<\/tr>\n<tr>\n<td width=\"941\">Particulas-OCG-NOX<\/td>\n<td width=\"194\"><strong>8 \u2013 8 \u2013 155<\/strong><\/td>\n<td width=\"378\"><strong>(mg\/Nm3)<\/strong><\/td>\n<\/tr>\n<tr>\n<td width=\"941\">Tiro recomendado (m\u00e1x. potencia)<\/td>\n<td width=\"194\"><strong>\u00a0<\/strong><strong>12 ***<\/strong><\/td>\n<td width=\"378\"><strong>\u00a0<\/strong><strong>(Pa)<\/strong><\/td>\n<\/tr>\n<tr>\n<td width=\"941\">Masa de humos<\/td>\n<td width=\"194\"><strong>5<\/strong><\/td>\n<td width=\"378\"><strong>(g\/s)<\/strong><\/td>\n<\/tr>\n<tr>\n<td width=\"941\">Tensi\u00f3n<\/td>\n<td width=\"194\"><strong>230<\/strong><\/td>\n<td width=\"378\"><strong>(V)<\/strong><\/td>\n<\/tr>\n<tr>\n<td width=\"941\">Frecuencia<\/td>\n<td width=\"194\"><strong>50<\/strong><\/td>\n<td width=\"378\"><strong>(Hz)<\/strong><\/td>\n<\/tr>\n<tr>\n<td width=\"941\">Energ\u00eda el\u00e9ctrica nominal<\/td>\n<td width=\"194\"><strong>70<\/strong><\/td>\n<td width=\"378\"><strong>(W)<\/strong><\/td>\n<\/tr>\n<tr>\n<td width=\"941\">Consumo de pellets min.-m\u00e1x.<\/td>\n<td width=\"194\"><strong>0,68 \u2013 1,36 **<\/strong><\/td>\n<td width=\"378\"><strong>(kg\/h)<\/strong><\/td>\n<\/tr>\n<tr>\n<td width=\"941\">Capacidad del dep\u00f3sito<\/td>\n<td width=\"194\"><strong>11<\/strong><\/td>\n<td width=\"378\"><strong>(kg)<\/strong><\/td>\n<\/tr>\n<tr>\n<td width=\"941\">Autonomia min.-m\u00e1x.<\/td>\n<td width=\"194\"><strong>16,2 \u2013 8 **<\/strong><\/td>\n<td width=\"378\"><strong>(H)<\/strong><\/td>\n<\/tr>\n<tr>\n<td width=\"941\">Di\u00e1metro de chimenea<\/td>\n<td width=\"194\"><strong>80<\/strong><\/td>\n<td width=\"378\"><strong>(mm)<\/strong><\/td>\n<\/tr>\n<tr>\n<td width=\"941\">Entrada de aire para la combusti\u00f3n<\/td>\n<td width=\"194\"><strong>50<\/strong><\/td>\n<td width=\"378\"><strong>(mm)<\/strong><\/td>\n<\/tr>\n<tr>\n<td width=\"941\">Volumen de calefacci\u00f3n<\/td>\n<td width=\"194\"><strong>139 *<\/strong><\/td>\n<td width=\"378\"><strong>(m3)<\/strong><\/td>\n<\/tr>\n<tr>\n<td width=\"941\">Flujo del ventilador\u00a0 \u00a0 \u00a0\u00a0<strong>(63Pa)<\/strong><\/td>\n<td width=\"194\"><strong>43,6<\/strong><\/td>\n<td width=\"378\"><strong>(m3\/h)<\/strong><\/td>\n<\/tr>\n<tr>\n<td width=\"941\">Tipo combustible<\/td>\n<td width=\"194\"><strong>Pellet (EN 14961-2 A1)<\/strong><strong>diam. 6 mm\/ L 10-30<\/strong><\/td>\n<td width=\"378\"><strong>\u2013<\/strong><\/td>\n<\/tr>\n<tr>\n<td width=\"941\">Peso neto<\/td>\n<td width=\"194\"><strong>65<\/strong><\/td>\n<td width=\"378\"><strong>(kg)<\/strong><\/td>\n<\/tr>\n<tr>\n<td width=\"941\">Peso com embalaje<\/td>\n<td width=\"194\"><strong>84<\/strong><\/td>\n<td width=\"378\"><strong>(kg)<\/strong><\/td>\n<\/tr>\n<tr>\n<td width=\"941\"><strong>Dimens\u00f5es com embalagem (LxHxP)\/\u00a0<\/strong>Dimensiones con embalaje\/ Dimensions with packing\/Dimensions avec l\u2019emballage\/ Dimensioni con imballaggio<\/td>\n<td width=\"194\"><strong>503 x 740 x 560<\/strong><\/td>\n<td width=\"378\"><strong>(mm)<\/strong><\/td>\n<\/tr>\n<tr>\n<td width=\"941\"><strong>Volume \u00e1gua\/\u00a0<\/strong>Volumen de agua\/ Water volume\/ Volume d\u2019eau\/ Volume di acqua<\/td>\n<td width=\"194\"><strong>n\/a<\/strong><\/td>\n<td width=\"378\"><strong>(L)<\/strong><\/td>\n<\/tr>\n<tr>\n<td width=\"941\">Presi\u00f3n m\u00e1x.<\/td>\n<td width=\"194\"><strong>n\/a<\/strong><\/td>\n<td width=\"378\"><strong>(bar)<\/strong><\/td>\n<\/tr>\n<tr>\n<td width=\"941\">Distancia m\u00ednima a materiales combustibles (laterales\/frente\/topo)<\/td>\n<td width=\"194\"><strong>\u00a0<\/strong><strong>500 \/ 1500 \/ 1000<\/strong><\/td>\n<td width=\"378\"><strong>\u00a0<\/strong><strong>(mm)<\/strong><\/td>\n<\/tr>\n<tr>\n<td width=\"941\">Longitud max. Le\u00f1a<\/td>\n<td width=\"194\"><strong>n\/a<\/strong><\/td>\n<td width=\"378\"><strong>(mm)<\/strong><\/td>\n<\/tr>\n<tr>\n<td width=\"941\">Tama\u00f1o de la c\u00e1mara de combusti\u00f3n<\/td>\n<td width=\"194\"><strong>\u00a0<\/strong><strong>247 x 302 x 120<\/strong><\/td>\n<td width=\"378\"><strong>\u00a0<\/strong><strong>(mm)<\/strong><\/td>\n<\/tr>\n<tr>\n<td width=\"941\">Nivel de sonido ventilador (m\u00e1x.)<\/td>\n<td width=\"194\"><strong>\u2013<\/strong><\/td>\n<td width=\"378\"><strong>(dB)<\/strong><\/td>\n<\/tr>\n<\/tbody>\n<\/table>\n<p>Descarga de documentos de Estufa de pellet Red Pod FIRST 6 Kw:<\/p>\n<p><a href=\"https:\/\/www.ferreteriadosil.es\/wp-content\/uploads\/2023\/10\/Declaracion-de-conformidad-CE-Estufa-Pellets-Red-Pod-FIRST-6-Kw.pdf\">Declaraci\u00f3n de conformidad CE Estufa Pellets Red Pod FIRST 6 Kw<\/a><br \/>\n<a href=\"https:\/\/www.ferreteriadosil.es\/wp-content\/uploads\/2023\/10\/Declaracion-de-prestaciones-Estufa-Pellets-Red-Pod-FIRST-6-Kw.pdf\">Declaraci\u00f3n de prestaciones Estufa Pellets Red Pod FIRST 6 Kw<\/a><br \/>\n<a href=\"https:\/\/www.ferreteriadosil.es\/wp-content\/uploads\/2023\/10\/Ficha-Tecnica-Estufa-Pellets-Red-Pod-FIRST-6-Kw.pdf\">Ficha T\u00e9cnica Estufa Pellets Red Pod FIRST 6 Kw<\/a><br \/>\n<a href=\"https:\/\/www.ferreteriadosil.es\/wp-content\/uploads\/2023\/10\/Manual-de-instrucciones-Estufa-Pellets-Red-Pod-FIRST-6-Kw.pdf\">Manual de instrucciones Estufa Pellets Red Pod FIRST 6 Kw<\/a><br \/>\n<a href=\"https:\/\/www.ferreteriadosil.es\/wp-content\/uploads\/2023\/10\/Eficiencia-Energetica-Estufa-Pellets-Red-Pod-FIRST-6-Kw.pdf\">Eficiencia Energ\u00e9tica Estufa Pellets Red Pod FIRST 6 Kw<\/a><\/p>\n","protected":false},"excerpt":{"rendered":"<table class=\"woocommerce-product-attributes shop_attributes\">\n<tbody>\n<tr class=\"woocommerce-product-attributes-item woocommerce-product-attributes-item--weight\">\n<th class=\"woocommerce-product-attributes-item__label\">PESO<\/th>\n<td class=\"woocommerce-product-attributes-item__value\">65 kg<\/td>\n<\/tr>\n<tr class=\"woocommerce-product-attributes-item woocommerce-product-attributes-item--dimensions\">\n<th class=\"woocommerce-product-attributes-item__label\">DIMENSIONES<\/th>\n<td class=\"woocommerce-product-attributes-item__value\">49 \u00d7 52 \u00d7 81 cm<\/td>\n<\/tr>\n<tr class=\"woocommerce-product-attributes-item woocommerce-product-attributes-item--attribute_pa_clasificacion-energetica\">\n<th class=\"woocommerce-product-attributes-item__label\">CLASIFICACI\u00d3N ENERG\u00c9TICA<\/th>\n<td class=\"woocommerce-product-attributes-item__value\">A+<\/td>\n<\/tr>\n<tr class=\"woocommerce-product-attributes-item woocommerce-product-attributes-item--attribute_pa_garantia\">\n<th class=\"woocommerce-product-attributes-item__label\">GARANT\u00cdA<\/th>\n<td class=\"woocommerce-product-attributes-item__value\"><a href=\"https:\/\/www.ferreteriadosil.es\/garantia\/3-anos\/\" rel=\"tag\">3 A\u00f1os<\/a><\/td>\n<\/tr>\n<tr class=\"woocommerce-product-attributes-item woocommerce-product-attributes-item--attribute_pa_potencia\">\n<th class=\"woocommerce-product-attributes-item__label\">POTENCIA<\/th>\n<td class=\"woocommerce-product-attributes-item__value\"><a href=\"https:\/\/www.ferreteriadosil.es\/potencia\/6-kw\/\" rel=\"tag\">6 Kw<\/a><\/td>\n<\/tr>\n<\/tbody>\n<\/table>\n","protected":false},"featured_media":2981,"comment_status":"open","ping_status":"closed","template":"","meta":[],"product_brand":[],"product_cat":[82],"product_tag":[],"class_list":{"0":"post-2905","1":"product","2":"type-product","3":"status-publish","4":"has-post-thumbnail","6":"product_cat-estufa-de-pellets","8":"first","9":"instock","10":"sale","11":"shipping-taxable","12":"purchasable","13":"product-type-simple"},"jetpack_sharing_enabled":true,"_links":{"self":[{"href":"https:\/\/yomas-electrodomesticos.com\/index.php\/wp-json\/wp\/v2\/product\/2905","targetHints":{"allow":["GET"]}}],"collection":[{"href":"https:\/\/yomas-electrodomesticos.com\/index.php\/wp-json\/wp\/v2\/product"}],"about":[{"href":"https:\/\/yomas-electrodomesticos.com\/index.php\/wp-json\/wp\/v2\/types\/product"}],"replies":[{"embeddable":true,"href":"https:\/\/yomas-electrodomesticos.com\/index.php\/wp-json\/wp\/v2\/comments?post=2905"}],"version-history":[{"count":1,"href":"https:\/\/yomas-electrodomesticos.com\/index.php\/wp-json\/wp\/v2\/product\/2905\/revisions"}],"predecessor-version":[{"id":2982,"href":"https:\/\/yomas-electrodomesticos.com\/index.php\/wp-json\/wp\/v2\/product\/2905\/revisions\/2982"}],"wp:featuredmedia":[{"embeddable":true,"href":"https:\/\/yomas-electrodomesticos.com\/index.php\/wp-json\/wp\/v2\/media\/2981"}],"wp:attachment":[{"href":"https:\/\/yomas-electrodomesticos.com\/index.php\/wp-json\/wp\/v2\/media?parent=2905"}],"wp:term":[{"taxonomy":"product_brand","embeddable":true,"href":"https:\/\/yomas-electrodomesticos.com\/index.php\/wp-json\/wp\/v2\/product_brand?post=2905"},{"taxonomy":"product_cat","embeddable":true,"href":"https:\/\/yomas-electrodomesticos.com\/index.php\/wp-json\/wp\/v2\/product_cat?post=2905"},{"taxonomy":"product_tag","embeddable":true,"href":"https:\/\/yomas-electrodomesticos.com\/index.php\/wp-json\/wp\/v2\/product_tag?post=2905"}],"curies":[{"name":"wp","href":"https:\/\/api.w.org\/{rel}","templated":true}]}}